{"id":25293,"date":"2021-01-13T16:29:55","date_gmt":"2021-01-13T16:29:55","guid":{"rendered":"https:\/\/smartmag.theme-sphere.com\/prime-mag\/"},"modified":"2025-08-05T16:21:51","modified_gmt":"2025-08-05T16:21:51","slug":"homepage","status":"publish","type":"page","link":"https:\/\/www.sindser.org.br\/s\/","title":{"rendered":"Homepage"},"content":{"rendered":"\t\t<div data-elementor-type=\"wp-page\" data-elementor-id=\"25293\" class=\"elementor elementor-25293\">\n\t\t\t\t\t\t<section class=\"has-el-gap el-gap-default elementor-section elementor-top-section elementor-element elementor-element-55a9efd is-full-xs elementor-section-boxed elementor-section-height-default elementor-section-height-default\" data-id=\"55a9efd\" data-element_type=\"section\" data-e-type=\"section\">\n\t\t\t\t\t\t<div class=\"elementor-container elementor-column-gap-no\">\n\t\t\t\t\t<div class=\"elementor-column elementor-col-100 elementor-top-column elementor-element elementor-element-4ecd56bd\" data-id=\"4ecd56bd\" data-element_type=\"column\" data-e-type=\"column\">\n\t\t\t<div class=\"elementor-widget-wrap elementor-element-populated\">\n\t\t\t\t\t\t<div class=\"elementor-element elementor-element-1c934879 elementor-widget elementor-widget-smartmag-featgrid\" data-id=\"1c934879\" data-element_type=\"widget\" data-e-type=\"widget\" data-widget_type=\"smartmag-featgrid.default\">\n\t\t\t\t<div class=\"elementor-widget-container\">\n\t\t\t\t\t\t\t<section class=\"block-wrap block-feat-grid block-sc mb-none\" data-id=\"1\">\n\n\t\t\t\t\n\t\t\t<div class=\"block-content\">\n\t\t\t\t\t\n<section class=\"feat-grid feat-grid-a static feat-grid-ratio\">\n\n\t<div class=\"slides\" data-parallax>\n\t\n\t\n\t\t\t\t\t<div class=\"items-wrap slide-wrap\">\n\t\t\t\t\t\n\t\t\t\t\t\t\t\n\t\t\t\t<div class=\"item item-large item-main item-1 pos-bot\">\n\n\t\t\t\t\t\n<article class=\"l-post grid-overlay grid-overlay-a hover-zoom\">\n\n\t\n\t\t\t<div class=\"media\">\n\n\t\t\n\t\t\t<a href=\"https:\/\/www.sindser.org.br\/s\/tratar-gastos-com-bets-como-renda-pode-criar-barreira-a-programas-sociais\/\" class=\"image-link\" title=\"Tratar gastos com bets como renda pode criar barreira a programas sociais\"><img fetchpriority=\"high\" decoding=\"async\" width=\"768\" height=\"432\" src=\"https:\/\/www.sindser.org.br\/wp-content\/uploads\/2026\/08\/bets-768x432.webp\" class=\"attachment-bunyad-768 size-bunyad-768 wp-post-image\" alt=\"Tratar gastos com bets como renda pode criar barreira a programas sociais\" sizes=\"(max-width: 556px) 100vw, 556px\" title=\"Tratar gastos com bets como renda pode criar barreira a programas sociais\" srcset=\"https:\/\/www.sindser.org.br\/wp-content\/uploads\/2026\/08\/bets-768x432.webp 768w, https:\/\/www.sindser.org.br\/wp-content\/uploads\/2026\/08\/bets-1024x576.webp 1024w, https:\/\/www.sindser.org.br\/wp-content\/uploads\/2026\/08\/bets-1536x864.webp 1536w, https:\/\/www.sindser.org.br\/wp-content\/uploads\/2026\/08\/bets-1200x675.webp 1200w, https:\/\/www.sindser.org.br\/wp-content\/uploads\/2026\/08\/bets.webp 1920w\" \/><\/a>\t\t\t\n\t\t\t\n\t\t\t\n\t\t\t\n\t\t\n\t\t<\/div>\n\t\n\n\t\t\t<div class=\"content-wrap\">\n\t\n\t\t<div class=\"content\">\n\n\t\t\t<div class=\"post-meta post-meta-a meta-contrast has-below\"><div class=\"post-meta-items meta-above\"><span class=\"meta-item cat-labels\">\n\t\t\t\t\t\t\n\t\t\t\t\t\t<a href=\"https:\/\/www.sindser.org.br\/s\/category\/noticias-e-artigos\/destaque\/\" class=\"category term-color-4\" rel=\"category\" tabindex=\"-1\">Destaque<\/a>\n\t\t\t\t\t<\/span>\n\t\t\t\t\t<\/div><h2 class=\"is-title post-title\"><a href=\"https:\/\/www.sindser.org.br\/s\/tratar-gastos-com-bets-como-renda-pode-criar-barreira-a-programas-sociais\/\">Tratar gastos com bets como renda pode criar barreira a programas sociais<\/a><\/h2><div class=\"post-meta-items meta-below\"><span class=\"meta-item post-author\"><a href=\"https:\/\/www.sindser.org.br\/s\/author\/admin\/\" rel=\"author\">Marcelo Vasconcelos<\/a><\/span><span class=\"meta-item date\"><span class=\"date-link\"><time class=\"post-date\" datetime=\"2026-08-24T11:41:03+00:00\">ago 24, 2026<\/time><\/span><\/span><\/div><\/div>\t\t\t\n\t\t\t\n\t\t\t\n\t\t<\/div>\n\n\t\t\t<\/div>\n\t\n<\/article>\n\t\t\t\t<\/div>\n\t\t\t\t\t\t\t\n\t\t\t\t\t\t\t\n\t\t\t\t<div class=\"item item-small item-2 pos-bot\">\n\n\t\t\t\t\t\n<article class=\"l-post grid-overlay grid-overlay-a hover-zoom\">\n\n\t\n\t\t\t<div class=\"media\">\n\n\t\t\n\t\t\t<a href=\"https:\/\/www.sindser.org.br\/s\/aplicativo-para-seguranca-da-mulher-e-disponibilizado-em-13-delegacias-do-distrito-federal\/\" class=\"image-link\" title=\"Aplicativo para seguran\u00e7a da mulher \u00e9 disponibilizado em 13 delegacias do Distrito Federal\"><img decoding=\"async\" width=\"600\" height=\"400\" src=\"https:\/\/www.sindser.org.br\/wp-content\/uploads\/2026\/08\/11.8.-Foto-Divulgacao-600x400.jpeg\" class=\"attachment-medium size-medium wp-post-image\" alt=\"11.8. Foto Divulga\u00e7\u00e3o\" sizes=\"(max-width: 768px) 50vw, 277px\" title=\"Aplicativo para seguran\u00e7a da mulher \u00e9 disponibilizado em 13 delegacias do Distrito Federal\" srcset=\"https:\/\/www.sindser.org.br\/wp-content\/uploads\/2026\/08\/11.8.-Foto-Divulgacao-600x400.jpeg 600w, https:\/\/www.sindser.org.br\/wp-content\/uploads\/2026\/08\/11.8.-Foto-Divulgacao-1024x682.jpeg 1024w, https:\/\/www.sindser.org.br\/wp-content\/uploads\/2026\/08\/11.8.-Foto-Divulgacao-768x512.jpeg 768w, https:\/\/www.sindser.org.br\/wp-content\/uploads\/2026\/08\/11.8.-Foto-Divulgacao-1536x1023.jpeg 1536w, https:\/\/www.sindser.org.br\/wp-content\/uploads\/2026\/08\/11.8.-Foto-Divulgacao-450x300.jpeg 450w, https:\/\/www.sindser.org.br\/wp-content\/uploads\/2026\/08\/11.8.-Foto-Divulgacao-1200x800.jpeg 1200w, https:\/\/www.sindser.org.br\/wp-content\/uploads\/2026\/08\/11.8.-Foto-Divulgacao.jpeg 1600w\" \/><\/a>\t\t\t\n\t\t\t\n\t\t\t\n\t\t\t\n\t\t\n\t\t<\/div>\n\t\n\n\t\t\t<div class=\"content-wrap\">\n\t\n\t\t<div class=\"content\">\n\n\t\t\t<div class=\"post-meta post-meta-a meta-contrast has-below\"><div class=\"post-meta-items meta-above\"><span class=\"meta-item cat-labels\">\n\t\t\t\t\t\t\n\t\t\t\t\t\t<a href=\"https:\/\/www.sindser.org.br\/s\/category\/noticias-e-artigos\/destaque\/\" class=\"category term-color-4\" rel=\"category\" tabindex=\"-1\">Destaque<\/a>\n\t\t\t\t\t<\/span>\n\t\t\t\t\t<\/div><h2 class=\"is-title post-title\"><a href=\"https:\/\/www.sindser.org.br\/s\/aplicativo-para-seguranca-da-mulher-e-disponibilizado-em-13-delegacias-do-distrito-federal\/\">Aplicativo para seguran\u00e7a da mulher \u00e9 disponibilizado em 13 delegacias do Distrito Federal<\/a><\/h2><div class=\"post-meta-items meta-below\"><span class=\"meta-item post-author\"><a href=\"https:\/\/www.sindser.org.br\/s\/author\/admin\/\" rel=\"author\">Marcelo Vasconcelos<\/a><\/span><span class=\"meta-item date\"><span class=\"date-link\"><time class=\"post-date\" datetime=\"2026-08-19T17:59:18+00:00\">ago 19, 2026<\/time><\/span><\/span><\/div><\/div>\t\t\t\n\t\t\t\n\t\t\t\n\t\t<\/div>\n\n\t\t\t<\/div>\n\t\n<\/article>\n\t\t\t\t<\/div>\n\t\t\t\t\t\t\t\n\t\t\t\t\t\t\t\n\t\t\t\t<div class=\"item item-small item-3 pos-bot\">\n\n\t\t\t\t\t\n<article class=\"l-post grid-overlay grid-overlay-a hover-zoom\">\n\n\t\n\t\t\t<div class=\"media\">\n\n\t\t\n\t\t\t<a href=\"https:\/\/www.sindser.org.br\/s\/movimentos-preparam-o-30-8-dia-nacional-de-mobilizacao-pelo-fim-da-escala-6x1\/\" class=\"image-link\" title=\"Movimentos preparam o 30\/8, Dia Nacional de Mobiliza\u00e7\u00e3o pelo Fim da Escala 6\u00d71\"><img decoding=\"async\" width=\"600\" height=\"474\" src=\"https:\/\/www.sindser.org.br\/wp-content\/uploads\/2026\/08\/ESCALA6X16X1-600x474.jpeg\" class=\"attachment-medium size-medium wp-post-image\" alt=\"Escala 6x1\" sizes=\"(max-width: 768px) 50vw, 277px\" title=\"Movimentos preparam o 30\/8, Dia Nacional de Mobiliza\u00e7\u00e3o pelo Fim da Escala 6\u00d71\" srcset=\"https:\/\/www.sindser.org.br\/wp-content\/uploads\/2026\/08\/ESCALA6X16X1-600x474.jpeg 600w, https:\/\/www.sindser.org.br\/wp-content\/uploads\/2026\/08\/ESCALA6X16X1-1024x809.jpeg 1024w, https:\/\/www.sindser.org.br\/wp-content\/uploads\/2026\/08\/ESCALA6X16X1-768x606.jpeg 768w, https:\/\/www.sindser.org.br\/wp-content\/uploads\/2026\/08\/ESCALA6X16X1-150x118.jpeg 150w, https:\/\/www.sindser.org.br\/wp-content\/uploads\/2026\/08\/ESCALA6X16X1-450x355.jpeg 450w, https:\/\/www.sindser.org.br\/wp-content\/uploads\/2026\/08\/ESCALA6X16X1.jpeg 1179w\" \/><\/a>\t\t\t\n\t\t\t\n\t\t\t\n\t\t\t\n\t\t\n\t\t<\/div>\n\t\n\n\t\t\t<div class=\"content-wrap\">\n\t\n\t\t<div class=\"content\">\n\n\t\t\t<div class=\"post-meta post-meta-a meta-contrast has-below\"><div class=\"post-meta-items meta-above\"><span class=\"meta-item cat-labels\">\n\t\t\t\t\t\t\n\t\t\t\t\t\t<a href=\"https:\/\/www.sindser.org.br\/s\/category\/noticias-e-artigos\/destaque\/\" class=\"category term-color-4\" rel=\"category\" tabindex=\"-1\">Destaque<\/a>\n\t\t\t\t\t<\/span>\n\t\t\t\t\t<\/div><h2 class=\"is-title post-title\"><a href=\"https:\/\/www.sindser.org.br\/s\/movimentos-preparam-o-30-8-dia-nacional-de-mobilizacao-pelo-fim-da-escala-6x1\/\">Movimentos preparam o 30\/8, Dia Nacional de Mobiliza\u00e7\u00e3o pelo Fim da Escala 6\u00d71<\/a><\/h2><div class=\"post-meta-items meta-below\"><span class=\"meta-item post-author\"><a href=\"https:\/\/www.sindser.org.br\/s\/author\/admin\/\" rel=\"author\">Marcelo Vasconcelos<\/a><\/span><span class=\"meta-item date\"><span class=\"date-link\"><time class=\"post-date\" datetime=\"2026-08-18T17:55:25+00:00\">ago 18, 2026<\/time><\/span><\/span><\/div><\/div>\t\t\t\n\t\t\t\n\t\t\t\n\t\t<\/div>\n\n\t\t\t<\/div>\n\t\n<\/article>\n\t\t\t\t<\/div>\n\t\t\t\t\t\t\t\n\t\t\t\t\t\t\t\n\t\t\t\t<div class=\"item item-small item-4 pos-bot\">\n\n\t\t\t\t\t\n<article class=\"l-post grid-overlay grid-overlay-a hover-zoom\">\n\n\t\n\t\t\t<div class=\"media\">\n\n\t\t\n\t\t\t<a href=\"https:\/\/www.sindser.org.br\/s\/cerco-as-bets-governo-lula-bloqueia-60-mil-sites-ilegais-de-apostas\/\" class=\"image-link\" title=\"Cerco \u00e0s bets: governo Lula bloqueia 60 mil sites ilegais de apostas\"><img loading=\"lazy\" decoding=\"async\" width=\"600\" height=\"338\" src=\"https:\/\/www.sindser.org.br\/wp-content\/uploads\/2026\/08\/01-1-1-600x338.jpg\" class=\"attachment-medium size-medium wp-post-image\" alt=\"Foto: Jo\u00e9dson Alves\/Ag\u00eancia Brasil\" sizes=\"(max-width: 768px) 50vw, 277px\" title=\"Cerco \u00e0s bets: governo Lula bloqueia 60 mil sites ilegais de apostas\" srcset=\"https:\/\/www.sindser.org.br\/wp-content\/uploads\/2026\/08\/01-1-1-600x338.jpg 600w, https:\/\/www.sindser.org.br\/wp-content\/uploads\/2026\/08\/01-1-1-1024x576.jpg 1024w, https:\/\/www.sindser.org.br\/wp-content\/uploads\/2026\/08\/01-1-1-768x432.jpg 768w, https:\/\/www.sindser.org.br\/wp-content\/uploads\/2026\/08\/01-1-1-1536x864.jpg 1536w, https:\/\/www.sindser.org.br\/wp-content\/uploads\/2026\/08\/01-1-1-450x253.jpg 450w, https:\/\/www.sindser.org.br\/wp-content\/uploads\/2026\/08\/01-1-1-1200x675.jpg 1200w, https:\/\/www.sindser.org.br\/wp-content\/uploads\/2026\/08\/01-1-1.jpg 1920w\" \/><\/a>\t\t\t\n\t\t\t\n\t\t\t\n\t\t\t\n\t\t\n\t\t<\/div>\n\t\n\n\t\t\t<div class=\"content-wrap\">\n\t\n\t\t<div class=\"content\">\n\n\t\t\t<div class=\"post-meta post-meta-a meta-contrast has-below\"><div class=\"post-meta-items meta-above\"><span class=\"meta-item cat-labels\">\n\t\t\t\t\t\t\n\t\t\t\t\t\t<a href=\"https:\/\/www.sindser.org.br\/s\/category\/noticias-e-artigos\/destaque\/\" class=\"category term-color-4\" rel=\"category\" tabindex=\"-1\">Destaque<\/a>\n\t\t\t\t\t<\/span>\n\t\t\t\t\t<\/div><h2 class=\"is-title post-title\"><a href=\"https:\/\/www.sindser.org.br\/s\/cerco-as-bets-governo-lula-bloqueia-60-mil-sites-ilegais-de-apostas\/\">Cerco \u00e0s bets: governo Lula bloqueia 60 mil sites ilegais de apostas<\/a><\/h2><div class=\"post-meta-items meta-below\"><span class=\"meta-item post-author\"><a href=\"https:\/\/www.sindser.org.br\/s\/author\/admin\/\" rel=\"author\">Marcelo Vasconcelos<\/a><\/span><span class=\"meta-item date\"><span class=\"date-link\"><time class=\"post-date\" datetime=\"2026-08-12T11:29:00+00:00\">ago 12, 2026<\/time><\/span><\/span><\/div><\/div>\t\t\t\n\t\t\t\n\t\t\t\n\t\t<\/div>\n\n\t\t\t<\/div>\n\t\n<\/article>\n\t\t\t\t<\/div>\n\t\t\t\t\t\t\t\n\t\t\t\t\t\t\t\n\t\t\t\t<div class=\"item item-small item-5 pos-bot\">\n\n\t\t\t\t\t\n<article class=\"l-post grid-overlay grid-overlay-a hover-zoom\">\n\n\t\n\t\t\t<div class=\"media\">\n\n\t\t\n\t\t\t<a href=\"https:\/\/www.sindser.org.br\/s\/relator-do-pl-da-negociacao-coletiva-no-setor-publico-apresenta-parecer\/\" class=\"image-link\" title=\"Relator do PL da negocia\u00e7\u00e3o coletiva no setor p\u00fablico apresenta parecer\"><img loading=\"lazy\" decoding=\"async\" width=\"600\" height=\"394\" src=\"https:\/\/www.sindser.org.br\/wp-content\/uploads\/2026\/07\/systemuploadsnews311774a3e033e4aa839-700x460xfit-57d72-600x394.jpg\" class=\"attachment-medium size-medium wp-post-image\" alt=\"Deputado Andr\u00e9 Figueiredo\" sizes=\"(max-width: 768px) 50vw, 277px\" title=\"Relator do PL da negocia\u00e7\u00e3o coletiva no setor p\u00fablico apresenta parecer\" srcset=\"https:\/\/www.sindser.org.br\/wp-content\/uploads\/2026\/07\/systemuploadsnews311774a3e033e4aa839-700x460xfit-57d72-600x394.jpg 600w, https:\/\/www.sindser.org.br\/wp-content\/uploads\/2026\/07\/systemuploadsnews311774a3e033e4aa839-700x460xfit-57d72-450x296.jpg 450w, https:\/\/www.sindser.org.br\/wp-content\/uploads\/2026\/07\/systemuploadsnews311774a3e033e4aa839-700x460xfit-57d72.jpg 700w\" \/><\/a>\t\t\t\n\t\t\t\n\t\t\t\n\t\t\t\n\t\t\n\t\t<\/div>\n\t\n\n\t\t\t<div class=\"content-wrap\">\n\t\n\t\t<div class=\"content\">\n\n\t\t\t<div class=\"post-meta post-meta-a meta-contrast has-below\"><div class=\"post-meta-items meta-above\"><span class=\"meta-item cat-labels\">\n\t\t\t\t\t\t\n\t\t\t\t\t\t<a href=\"https:\/\/www.sindser.org.br\/s\/category\/noticias-e-artigos\/destaque\/\" class=\"category term-color-4\" rel=\"category\" tabindex=\"-1\">Destaque<\/a>\n\t\t\t\t\t<\/span>\n\t\t\t\t\t<\/div><h2 class=\"is-title post-title\"><a href=\"https:\/\/www.sindser.org.br\/s\/relator-do-pl-da-negociacao-coletiva-no-setor-publico-apresenta-parecer\/\">Relator do PL da negocia\u00e7\u00e3o coletiva no setor p\u00fablico apresenta parecer<\/a><\/h2><div class=\"post-meta-items meta-below\"><span class=\"meta-item post-author\"><a href=\"https:\/\/www.sindser.org.br\/s\/author\/admin\/\" rel=\"author\">Marcelo Vasconcelos<\/a><\/span><span class=\"meta-item date\"><span class=\"date-link\"><time class=\"post-date\" datetime=\"2026-07-02T14:15:00+00:00\">jul 2, 2026<\/time><\/span><\/span><\/div><\/div>\t\t\t\n\t\t\t\n\t\t\t\n\t\t<\/div>\n\n\t\t\t<\/div>\n\t\n<\/article>\n\t\t\t\t<\/div>\n\t\t\t\t\t\t\t\n\t\t\t\t\t\t\t\n\t\t\t\t\t<\/div>\n\t\t\n\t\t<\/div>\n\n<\/section>\n\t\t\t<\/div>\n\n\t\t<\/section>\n\t\t\t\t\t\t<\/div>\n\t\t\t\t<\/div>\n\t\t\t\t\t<\/div>\n\t\t<\/div>\n\t\t\t\t\t<\/div>\n\t\t<\/section>\n\t\t\t\t<section class=\"has-el-gap el-gap-default elementor-section elementor-top-section elementor-element elementor-element-dd1b069 elementor-section-boxed elementor-section-height-default elementor-section-height-default\" data-id=\"dd1b069\" data-element_type=\"section\" data-e-type=\"section\">\n\t\t\t\t\t\t<div class=\"elementor-container elementor-column-gap-no\">\n\t\t\t\t\t<div class=\"elementor-column elementor-col-66 elementor-top-column elementor-element elementor-element-375307d main-content\" data-id=\"375307d\" data-element_type=\"column\" data-e-type=\"column\">\n\t\t\t<div class=\"elementor-widget-wrap elementor-element-populated\">\n\t\t\t\t\t\t<div class=\"elementor-element elementor-element-74a5fb3 elementor-widget elementor-widget-smartmag-postslist\" data-id=\"74a5fb3\" data-element_type=\"widget\" data-e-type=\"widget\" data-widget_type=\"smartmag-postslist.default\">\n\t\t\t\t<div class=\"elementor-widget-container\">\n\t\t\t\t\t\t\t<section class=\"block-wrap block-posts-list block-sc mb-none\" data-id=\"2\" data-block=\"{&quot;id&quot;:&quot;posts-list&quot;,&quot;props&quot;:{&quot;cat_labels&quot;:1,&quot;cat_labels_pos&quot;:&quot;bot-left&quot;,&quot;reviews&quot;:&quot;stars&quot;,&quot;post_formats_pos&quot;:&quot;center&quot;,&quot;load_more_style&quot;:&quot;a&quot;,&quot;meta_cat_style&quot;:&quot;text&quot;,&quot;media_style_shadow&quot;:0,&quot;meta_sponsor&quot;:&quot;&quot;,&quot;meta_sponsor_logo&quot;:0,&quot;meta_sponsor_label&quot;:&quot;Sponsor: {sponsor}&quot;,&quot;meta_above&quot;:[&quot;cat&quot;],&quot;meta_below&quot;:[&quot;date&quot;],&quot;meta_sponsor_above&quot;:[],&quot;meta_sponsor_below&quot;:[&quot;date&quot;],&quot;media_ratio&quot;:&quot;&quot;,&quot;media_ratio_custom&quot;:&quot;&quot;,&quot;media_width&quot;:&quot;&quot;,&quot;read_more&quot;:&quot;none&quot;,&quot;posts&quot;:5,&quot;pagination&quot;:&quot;1&quot;,&quot;pagination_type&quot;:&quot;load-more&quot;,&quot;container_width&quot;:66,&quot;heading&quot;:&quot;VEJA MAIS&quot;,&quot;space_below&quot;:&quot;none&quot;,&quot;terms&quot;:[&quot;2&quot;],&quot;excerpt_length&quot;:15,&quot;meta_sponsor_items_default&quot;:true,&quot;query_type&quot;:&quot;custom&quot;,&quot;sort_days&quot;:null,&quot;is_sc_call&quot;:true,&quot;meta_items_default&quot;:true}}\">\n\n\t\t\t\t\t\t\t\t\n\t\t\t\t\t\t\t\n\t\t\t\t<div class=\"block-head block-head-ac block-head-c is-left\">\n\n\t\t\t\t\t<h4 class=\"heading\">VEJA MAIS<\/h4>\t\t\t\t\t\n\t\t\t\t\t\t\t\t\t<\/div>\n\t\t\t\t\n\t\t\t\n\t\t\t\n\t\t\t<div class=\"block-content\">\n\t\t\t\t\t\n\t<div class=\"loop loop-list loop-sep loop-list-sep grid grid-1 md:grid-1 sm:grid-1\">\n\n\t\t\t\t\n\t\t\t\n<article class=\"l-post list-post list-post-on-sm m-pos-left\">\n\n\t\n\t\t\t<div class=\"media\">\n\n\t\t\n\t\t\t<a href=\"https:\/\/www.sindser.org.br\/s\/tratar-gastos-com-bets-como-renda-pode-criar-barreira-a-programas-sociais\/\" class=\"image-link media-ratio ratio-3-2\" title=\"Tratar gastos com bets como renda pode criar barreira a programas sociais\"><img loading=\"lazy\" decoding=\"async\" width=\"285\" height=\"190\" src=\"https:\/\/www.sindser.org.br\/wp-content\/uploads\/2026\/08\/bets-600x338.webp\" class=\"attachment-medium size-medium wp-post-image\" alt=\"Tratar gastos com bets como renda pode criar barreira a programas sociais\" sizes=\"(max-width: 285px) 100vw, 285px\" title=\"Tratar gastos com bets como renda pode criar barreira a programas sociais\" srcset=\"https:\/\/www.sindser.org.br\/wp-content\/uploads\/2026\/08\/bets-600x338.webp 600w, https:\/\/www.sindser.org.br\/wp-content\/uploads\/2026\/08\/bets-1024x576.webp 1024w, https:\/\/www.sindser.org.br\/wp-content\/uploads\/2026\/08\/bets-768x432.webp 768w, https:\/\/www.sindser.org.br\/wp-content\/uploads\/2026\/08\/bets-1536x864.webp 1536w, https:\/\/www.sindser.org.br\/wp-content\/uploads\/2026\/08\/bets-450x253.webp 450w, https:\/\/www.sindser.org.br\/wp-content\/uploads\/2026\/08\/bets-1200x675.webp 1200w, https:\/\/www.sindser.org.br\/wp-content\/uploads\/2026\/08\/bets.webp 1920w\" \/><\/a>\t\t\t\n\t\t\t\n\t\t\t\n\t\t\t\t\t\t\t\n\t\t\t\t<span class=\"cat-labels cat-labels-overlay c-overlay p-bot-left\">\n\t\t\t\t<a href=\"https:\/\/www.sindser.org.br\/s\/category\/noticias-e-artigos\/destaque\/\" class=\"category term-color-4\" rel=\"category\" tabindex=\"-1\">Destaque<\/a>\n\t\t\t<\/span>\n\t\t\t\t\t\t\n\t\t\t\n\t\t\n\t\t<\/div>\n\t\n\n\t\n\t\t<div class=\"content\">\n\n\t\t\t<div class=\"post-meta post-meta-a has-below\"><div class=\"post-meta-items meta-above\"><span class=\"meta-item post-cat\">\n\t\t\t\t\t\t\n\t\t\t\t\t\t<a href=\"https:\/\/www.sindser.org.br\/s\/category\/noticias-e-artigos\/destaque\/\" class=\"category term-color-4\" rel=\"category\">Destaque<\/a>\n\t\t\t\t\t<\/span>\n\t\t\t\t\t<\/div><h2 class=\"is-title post-title\"><a href=\"https:\/\/www.sindser.org.br\/s\/tratar-gastos-com-bets-como-renda-pode-criar-barreira-a-programas-sociais\/\">Tratar gastos com bets como renda pode criar barreira a programas sociais<\/a><\/h2><div class=\"post-meta-items meta-below\"><span class=\"meta-item date\"><span class=\"date-link\"><time class=\"post-date\" datetime=\"2026-08-24T11:41:03+00:00\">ago 24, 2026<\/time><\/span><\/span><\/div><\/div>\t\t\t\n\t\t\t\t\t\t\n\t\t\t\t<div class=\"excerpt\">\n\t\t\t\t\t<p>An\u00e1lises socioecon\u00f4micas de programas sociais que consideram, de forma autom\u00e1tica, movimenta\u00e7\u00f5es financeiras com apostas como&hellip;<\/p>\n\t\t\t\t<\/div>\n\t\t\t\n\t\t\t\n\t\t\t\n\t\t<\/div>\n\n\t\n<\/article>\n\t\t\t\t\n\t\t\t\n<article class=\"l-post list-post list-post-on-sm m-pos-left\">\n\n\t\n\t\t\t<div class=\"media\">\n\n\t\t\n\t\t\t<a href=\"https:\/\/www.sindser.org.br\/s\/aplicativo-para-seguranca-da-mulher-e-disponibilizado-em-13-delegacias-do-distrito-federal\/\" class=\"image-link media-ratio ratio-3-2\" title=\"Aplicativo para seguran\u00e7a da mulher \u00e9 disponibilizado em 13 delegacias do Distrito Federal\"><img loading=\"lazy\" decoding=\"async\" width=\"285\" height=\"190\" src=\"https:\/\/www.sindser.org.br\/wp-content\/uploads\/2026\/08\/11.8.-Foto-Divulgacao-600x400.jpeg\" class=\"attachment-medium size-medium wp-post-image\" alt=\"11.8. Foto Divulga\u00e7\u00e3o\" sizes=\"(max-width: 285px) 100vw, 285px\" title=\"Aplicativo para seguran\u00e7a da mulher \u00e9 disponibilizado em 13 delegacias do Distrito Federal\" srcset=\"https:\/\/www.sindser.org.br\/wp-content\/uploads\/2026\/08\/11.8.-Foto-Divulgacao-600x400.jpeg 600w, https:\/\/www.sindser.org.br\/wp-content\/uploads\/2026\/08\/11.8.-Foto-Divulgacao-1024x682.jpeg 1024w, https:\/\/www.sindser.org.br\/wp-content\/uploads\/2026\/08\/11.8.-Foto-Divulgacao-768x512.jpeg 768w, https:\/\/www.sindser.org.br\/wp-content\/uploads\/2026\/08\/11.8.-Foto-Divulgacao-1536x1023.jpeg 1536w, https:\/\/www.sindser.org.br\/wp-content\/uploads\/2026\/08\/11.8.-Foto-Divulgacao-150x100.jpeg 150w, https:\/\/www.sindser.org.br\/wp-content\/uploads\/2026\/08\/11.8.-Foto-Divulgacao-450x300.jpeg 450w, https:\/\/www.sindser.org.br\/wp-content\/uploads\/2026\/08\/11.8.-Foto-Divulgacao-1200x800.jpeg 1200w, https:\/\/www.sindser.org.br\/wp-content\/uploads\/2026\/08\/11.8.-Foto-Divulgacao.jpeg 1600w\" \/><\/a>\t\t\t\n\t\t\t\n\t\t\t\n\t\t\t\t\t\t\t\n\t\t\t\t<span class=\"cat-labels cat-labels-overlay c-overlay p-bot-left\">\n\t\t\t\t<a href=\"https:\/\/www.sindser.org.br\/s\/category\/noticias-e-artigos\/destaque\/\" class=\"category term-color-4\" rel=\"category\" tabindex=\"-1\">Destaque<\/a>\n\t\t\t<\/span>\n\t\t\t\t\t\t\n\t\t\t\n\t\t\n\t\t<\/div>\n\t\n\n\t\n\t\t<div class=\"content\">\n\n\t\t\t<div class=\"post-meta post-meta-a has-below\"><div class=\"post-meta-items meta-above\"><span class=\"meta-item post-cat\">\n\t\t\t\t\t\t\n\t\t\t\t\t\t<a href=\"https:\/\/www.sindser.org.br\/s\/category\/noticias-e-artigos\/destaque\/\" class=\"category term-color-4\" rel=\"category\">Destaque<\/a>\n\t\t\t\t\t<\/span>\n\t\t\t\t\t<\/div><h2 class=\"is-title post-title\"><a href=\"https:\/\/www.sindser.org.br\/s\/aplicativo-para-seguranca-da-mulher-e-disponibilizado-em-13-delegacias-do-distrito-federal\/\">Aplicativo para seguran\u00e7a da mulher \u00e9 disponibilizado em 13 delegacias do Distrito Federal<\/a><\/h2><div class=\"post-meta-items meta-below\"><span class=\"meta-item date\"><span class=\"date-link\"><time class=\"post-date\" datetime=\"2026-08-19T17:59:18+00:00\">ago 19, 2026<\/time><\/span><\/span><\/div><\/div>\t\t\t\n\t\t\t\t\t\t\n\t\t\t\t<div class=\"excerpt\">\n\t\t\t\t\t<p>Mulheres em situa\u00e7\u00e3o de risco extremo ou grave amea\u00e7a podem ser inclu\u00eddas no programa pela&hellip;<\/p>\n\t\t\t\t<\/div>\n\t\t\t\n\t\t\t\n\t\t\t\n\t\t<\/div>\n\n\t\n<\/article>\n\t\t\t\t\n\t\t\t\n<article class=\"l-post list-post list-post-on-sm m-pos-left\">\n\n\t\n\t\t\t<div class=\"media\">\n\n\t\t\n\t\t\t<a href=\"https:\/\/www.sindser.org.br\/s\/movimentos-preparam-o-30-8-dia-nacional-de-mobilizacao-pelo-fim-da-escala-6x1\/\" class=\"image-link media-ratio ratio-3-2\" title=\"Movimentos preparam o 30\/8, Dia Nacional de Mobiliza\u00e7\u00e3o pelo Fim da Escala 6\u00d71\"><img loading=\"lazy\" decoding=\"async\" width=\"285\" height=\"190\" src=\"https:\/\/www.sindser.org.br\/wp-content\/uploads\/2026\/08\/ESCALA6X16X1-600x474.jpeg\" class=\"attachment-medium size-medium wp-post-image\" alt=\"Escala 6x1\" sizes=\"(max-width: 285px) 100vw, 285px\" title=\"Movimentos preparam o 30\/8, Dia Nacional de Mobiliza\u00e7\u00e3o pelo Fim da Escala 6\u00d71\" srcset=\"https:\/\/www.sindser.org.br\/wp-content\/uploads\/2026\/08\/ESCALA6X16X1-600x474.jpeg 600w, https:\/\/www.sindser.org.br\/wp-content\/uploads\/2026\/08\/ESCALA6X16X1-1024x809.jpeg 1024w, https:\/\/www.sindser.org.br\/wp-content\/uploads\/2026\/08\/ESCALA6X16X1-768x606.jpeg 768w, https:\/\/www.sindser.org.br\/wp-content\/uploads\/2026\/08\/ESCALA6X16X1-450x355.jpeg 450w, https:\/\/www.sindser.org.br\/wp-content\/uploads\/2026\/08\/ESCALA6X16X1.jpeg 1179w\" \/><\/a>\t\t\t\n\t\t\t\n\t\t\t\n\t\t\t\t\t\t\t\n\t\t\t\t<span class=\"cat-labels cat-labels-overlay c-overlay p-bot-left\">\n\t\t\t\t<a href=\"https:\/\/www.sindser.org.br\/s\/category\/noticias-e-artigos\/destaque\/\" class=\"category term-color-4\" rel=\"category\" tabindex=\"-1\">Destaque<\/a>\n\t\t\t<\/span>\n\t\t\t\t\t\t\n\t\t\t\n\t\t\n\t\t<\/div>\n\t\n\n\t\n\t\t<div class=\"content\">\n\n\t\t\t<div class=\"post-meta post-meta-a has-below\"><div class=\"post-meta-items meta-above\"><span class=\"meta-item post-cat\">\n\t\t\t\t\t\t\n\t\t\t\t\t\t<a href=\"https:\/\/www.sindser.org.br\/s\/category\/noticias-e-artigos\/destaque\/\" class=\"category term-color-4\" rel=\"category\">Destaque<\/a>\n\t\t\t\t\t<\/span>\n\t\t\t\t\t<\/div><h2 class=\"is-title post-title\"><a href=\"https:\/\/www.sindser.org.br\/s\/movimentos-preparam-o-30-8-dia-nacional-de-mobilizacao-pelo-fim-da-escala-6x1\/\">Movimentos preparam o 30\/8, Dia Nacional de Mobiliza\u00e7\u00e3o pelo Fim da Escala 6\u00d71<\/a><\/h2><div class=\"post-meta-items meta-below\"><span class=\"meta-item date\"><span class=\"date-link\"><time class=\"post-date\" datetime=\"2026-08-18T17:55:25+00:00\">ago 18, 2026<\/time><\/span><\/span><\/div><\/div>\t\t\t\n\t\t\t\t\t\t\n\t\t\t\t<div class=\"excerpt\">\n\t\t\t\t\t<p>Frentes Brasil Popular e Povo Sem Medo definem agenda de a\u00e7\u00f5es para fortalecer luta e&hellip;<\/p>\n\t\t\t\t<\/div>\n\t\t\t\n\t\t\t\n\t\t\t\n\t\t<\/div>\n\n\t\n<\/article>\n\t\t\t\t\n\t\t\t\n<article class=\"l-post list-post list-post-on-sm m-pos-left\">\n\n\t\n\t\t\t<div class=\"media\">\n\n\t\t\n\t\t\t<a href=\"https:\/\/www.sindser.org.br\/s\/cerco-as-bets-governo-lula-bloqueia-60-mil-sites-ilegais-de-apostas\/\" class=\"image-link media-ratio ratio-3-2\" title=\"Cerco \u00e0s bets: governo Lula bloqueia 60 mil sites ilegais de apostas\"><img loading=\"lazy\" decoding=\"async\" width=\"285\" height=\"190\" src=\"https:\/\/www.sindser.org.br\/wp-content\/uploads\/2026\/08\/01-1-1-600x338.jpg\" class=\"attachment-medium size-medium wp-post-image\" alt=\"Foto: Jo\u00e9dson Alves\/Ag\u00eancia Brasil\" sizes=\"(max-width: 285px) 100vw, 285px\" title=\"Cerco \u00e0s bets: governo Lula bloqueia 60 mil sites ilegais de apostas\" srcset=\"https:\/\/www.sindser.org.br\/wp-content\/uploads\/2026\/08\/01-1-1-600x338.jpg 600w, https:\/\/www.sindser.org.br\/wp-content\/uploads\/2026\/08\/01-1-1-1024x576.jpg 1024w, https:\/\/www.sindser.org.br\/wp-content\/uploads\/2026\/08\/01-1-1-768x432.jpg 768w, https:\/\/www.sindser.org.br\/wp-content\/uploads\/2026\/08\/01-1-1-1536x864.jpg 1536w, https:\/\/www.sindser.org.br\/wp-content\/uploads\/2026\/08\/01-1-1-450x253.jpg 450w, https:\/\/www.sindser.org.br\/wp-content\/uploads\/2026\/08\/01-1-1-1200x675.jpg 1200w, https:\/\/www.sindser.org.br\/wp-content\/uploads\/2026\/08\/01-1-1.jpg 1920w\" \/><\/a>\t\t\t\n\t\t\t\n\t\t\t\n\t\t\t\t\t\t\t\n\t\t\t\t<span class=\"cat-labels cat-labels-overlay c-overlay p-bot-left\">\n\t\t\t\t<a href=\"https:\/\/www.sindser.org.br\/s\/category\/noticias-e-artigos\/destaque\/\" class=\"category term-color-4\" rel=\"category\" tabindex=\"-1\">Destaque<\/a>\n\t\t\t<\/span>\n\t\t\t\t\t\t\n\t\t\t\n\t\t\n\t\t<\/div>\n\t\n\n\t\n\t\t<div class=\"content\">\n\n\t\t\t<div class=\"post-meta post-meta-a has-below\"><div class=\"post-meta-items meta-above\"><span class=\"meta-item post-cat\">\n\t\t\t\t\t\t\n\t\t\t\t\t\t<a href=\"https:\/\/www.sindser.org.br\/s\/category\/noticias-e-artigos\/destaque\/\" class=\"category term-color-4\" rel=\"category\">Destaque<\/a>\n\t\t\t\t\t<\/span>\n\t\t\t\t\t<\/div><h2 class=\"is-title post-title\"><a href=\"https:\/\/www.sindser.org.br\/s\/cerco-as-bets-governo-lula-bloqueia-60-mil-sites-ilegais-de-apostas\/\">Cerco \u00e0s bets: governo Lula bloqueia 60 mil sites ilegais de apostas<\/a><\/h2><div class=\"post-meta-items meta-below\"><span class=\"meta-item date\"><span class=\"date-link\"><time class=\"post-date\" datetime=\"2026-08-12T11:29:00+00:00\">ago 12, 2026<\/time><\/span><\/span><\/div><\/div>\t\t\t\n\t\t\t\t\t\t\n\t\t\t\t<div class=\"excerpt\">\n\t\t\t\t\t<p>O trabalho tem sido essencial para combater as fraudes promovidas por plataformas ilegais que causam&hellip;<\/p>\n\t\t\t\t<\/div>\n\t\t\t\n\t\t\t\n\t\t\t\n\t\t<\/div>\n\n\t\n<\/article>\n\t\t\t\t\n\t\t\t\n<article class=\"l-post list-post list-post-on-sm m-pos-left\">\n\n\t\n\t\t\t<div class=\"media\">\n\n\t\t\n\t\t\t<a href=\"https:\/\/www.sindser.org.br\/s\/relator-do-pl-da-negociacao-coletiva-no-setor-publico-apresenta-parecer\/\" class=\"image-link media-ratio ratio-3-2\" title=\"Relator do PL da negocia\u00e7\u00e3o coletiva no setor p\u00fablico apresenta parecer\"><img loading=\"lazy\" decoding=\"async\" width=\"285\" height=\"190\" src=\"https:\/\/www.sindser.org.br\/wp-content\/uploads\/2026\/07\/systemuploadsnews311774a3e033e4aa839-700x460xfit-57d72-600x394.jpg\" class=\"attachment-medium size-medium wp-post-image\" alt=\"Deputado Andr\u00e9 Figueiredo\" sizes=\"(max-width: 285px) 100vw, 285px\" title=\"Relator do PL da negocia\u00e7\u00e3o coletiva no setor p\u00fablico apresenta parecer\" srcset=\"https:\/\/www.sindser.org.br\/wp-content\/uploads\/2026\/07\/systemuploadsnews311774a3e033e4aa839-700x460xfit-57d72-600x394.jpg 600w, https:\/\/www.sindser.org.br\/wp-content\/uploads\/2026\/07\/systemuploadsnews311774a3e033e4aa839-700x460xfit-57d72-150x99.jpg 150w, https:\/\/www.sindser.org.br\/wp-content\/uploads\/2026\/07\/systemuploadsnews311774a3e033e4aa839-700x460xfit-57d72-450x296.jpg 450w, https:\/\/www.sindser.org.br\/wp-content\/uploads\/2026\/07\/systemuploadsnews311774a3e033e4aa839-700x460xfit-57d72.jpg 700w\" \/><\/a>\t\t\t\n\t\t\t\n\t\t\t\n\t\t\t\t\t\t\t\n\t\t\t\t<span class=\"cat-labels cat-labels-overlay c-overlay p-bot-left\">\n\t\t\t\t<a href=\"https:\/\/www.sindser.org.br\/s\/category\/noticias-e-artigos\/destaque\/\" class=\"category term-color-4\" rel=\"category\" tabindex=\"-1\">Destaque<\/a>\n\t\t\t<\/span>\n\t\t\t\t\t\t\n\t\t\t\n\t\t\n\t\t<\/div>\n\t\n\n\t\n\t\t<div class=\"content\">\n\n\t\t\t<div class=\"post-meta post-meta-a has-below\"><div class=\"post-meta-items meta-above\"><span class=\"meta-item post-cat\">\n\t\t\t\t\t\t\n\t\t\t\t\t\t<a href=\"https:\/\/www.sindser.org.br\/s\/category\/noticias-e-artigos\/destaque\/\" class=\"category term-color-4\" rel=\"category\">Destaque<\/a>\n\t\t\t\t\t<\/span>\n\t\t\t\t\t<\/div><h2 class=\"is-title post-title\"><a href=\"https:\/\/www.sindser.org.br\/s\/relator-do-pl-da-negociacao-coletiva-no-setor-publico-apresenta-parecer\/\">Relator do PL da negocia\u00e7\u00e3o coletiva no setor p\u00fablico apresenta parecer<\/a><\/h2><div class=\"post-meta-items meta-below\"><span class=\"meta-item date\"><span class=\"date-link\"><time class=\"post-date\" datetime=\"2026-07-02T14:15:00+00:00\">jul 2, 2026<\/time><\/span><\/span><\/div><\/div>\t\t\t\n\t\t\t\t\t\t\n\t\t\t\t<div class=\"excerpt\">\n\t\t\t\t\t<p>Com parecer do deputado Andr\u00e9 Figueiredo (PDT-CE) apresentado, PL 1893\/26, que tramita em regime de&hellip;<\/p>\n\t\t\t\t<\/div>\n\t\t\t\n\t\t\t\n\t\t\t\n\t\t<\/div>\n\n\t\n<\/article>\n\t\t\n\t<\/div>\n\n\t\n\n\t\n\t\t\n\t<div class=\"main-pagination pagination-more\" data-type=\"load-more\">\n\t\t<a href=\"https:\/\/www.sindser.org.br\/s\/wp-json\/wp\/v2\/pages\/25293\/page\/2\/\" class=\"ts-button load-button load-button-a ts-button-alt\" data-page=\"1\">\n\t\t\t\tLoad More \n\t\t\t\t<i class=\"icon tsi tsi-repeat\"><\/i>\n\t\t<\/a>\n\t<\/div>\t\n\t\n\t\n\n\t\t\t\t<\/div>\n\n\t\t<\/section>\n\t\t\t\t\t\t<\/div>\n\t\t\t\t<\/div>\n\t\t\t\t\t<\/div>\n\t\t<\/div>\n\t\t\t\t<div class=\"elementor-column elementor-col-33 elementor-top-column elementor-element elementor-element-be7455f main-sidebar main-sidebar ts-sticky-col\" data-id=\"be7455f\" data-element_type=\"column\" data-e-type=\"column\">\n\t\t\t<div class=\"elementor-widget-wrap elementor-element-populated\">\n\t\t\t\t\t\t<div class=\"elementor-element elementor-element-3686552 elementor-widget elementor-widget-image\" data-id=\"3686552\" data-element_type=\"widget\" data-e-type=\"widget\" data-widget_type=\"image.default\">\n\t\t\t\t<div class=\"elementor-widget-container\">\n\t\t\t\t\t\t\t\t\t\t\t\t\t\t\t<img loading=\"lazy\" decoding=\"async\" class=\"attachment-large size-large wp-image-25569 lazyload\" width=\"810\" height=\"810\" src=\"data:image\/svg+xml;base64,PHN2ZyB2aWV3Qm94PScwIDAgODEwIDgxMCcgeG1sbnM9J2h0dHA6Ly93d3cudzMub3JnLzIwMDAvc3ZnJz48L3N2Zz4=\" alt srcset=\"https:\/\/www.sindser.org.br\/wp-content\/uploads\/2024\/05\/filie-se.jpg 810w, https:\/\/www.sindser.org.br\/wp-content\/uploads\/2024\/05\/filie-se-600x600.jpg 600w, https:\/\/www.sindser.org.br\/wp-content\/uploads\/2024\/05\/filie-se-150x150.jpg 150w, https:\/\/www.sindser.org.br\/wp-content\/uploads\/2024\/05\/filie-se-768x768.jpg 768w, https:\/\/www.sindser.org.br\/wp-content\/uploads\/2024\/05\/filie-se-450x450.jpg 450w\" sizes=\"(max-width: 810px) 100vw, 810px\" data-src=\"https:\/\/www.sindser.org.br\/wp-content\/uploads\/2024\/05\/filie-se.jpg\" \/>\t\t\t\t\t\t\t\t\t\t\t\t\t\t\t<\/div>\n\t\t\t\t<\/div>\n\t\t\t\t<div class=\"elementor-element elementor-element-455d434 elementor-widget elementor-widget-heading\" data-id=\"455d434\" data-element_type=\"widget\" data-e-type=\"widget\" data-widget_type=\"heading.default\">\n\t\t\t\t<div class=\"elementor-widget-container\">\n\t\t\t\t\t<h2 class=\"elementor-heading-title elementor-size-default\">Fotos de Assembleias<\/h2>\t\t\t\t<\/div>\n\t\t\t\t<\/div>\n\t\t\t\t<div class=\"elementor-element elementor-element-65325dc elementor-widget elementor-widget-smartmag-grid\" data-id=\"65325dc\" data-element_type=\"widget\" data-e-type=\"widget\" data-widget_type=\"smartmag-grid.default\">\n\t\t\t\t<div class=\"elementor-widget-container\">\n\t\t\t\t\t\t\t<section class=\"block-wrap block-grid block-sc mb-none\" data-id=\"3\">\n\n\t\t\t\t\n\t\t\t<div class=\"block-content\">\n\t\t\t\t\t\n\t<div class=\"loop loop-grid loop-grid-base grid grid-2 md:grid-2 xs:grid-1\">\n\n\t\t\t\t\t\n<article class=\"l-post grid-post grid-base-post\">\n\n\t\n\t\t\t<div class=\"media\">\n\n\t\t\n\t\t\t<a href=\"https:\/\/www.sindser.org.br\/s\/assembleia-da-codeplan-ipedf\/\" class=\"image-link media-ratio ratio-3-2\" title=\"Assembleia da Codeplan\/IPEDF\"><img loading=\"lazy\" decoding=\"async\" width=\"358\" height=\"239\" src=\"https:\/\/www.sindser.org.br\/wp-content\/uploads\/2024\/12\/assembleia-da-codeplan-1-450x208.jpg\" class=\"attachment-bunyad-medium size-bunyad-medium wp-post-image\" alt=\"\" sizes=\"(max-width: 358px) 100vw, 358px\" title=\"Assembleia da Codeplan\/IPEDF\" srcset=\"https:\/\/www.sindser.org.br\/wp-content\/uploads\/2024\/12\/assembleia-da-codeplan-1-450x208.jpg 450w, https:\/\/www.sindser.org.br\/wp-content\/uploads\/2024\/12\/assembleia-da-codeplan-1-600x277.jpg 600w, https:\/\/www.sindser.org.br\/wp-content\/uploads\/2024\/12\/assembleia-da-codeplan-1-1024x473.jpg 1024w, https:\/\/www.sindser.org.br\/wp-content\/uploads\/2024\/12\/assembleia-da-codeplan-1-768x355.jpg 768w, https:\/\/www.sindser.org.br\/wp-content\/uploads\/2024\/12\/assembleia-da-codeplan-1-1536x709.jpg 1536w, https:\/\/www.sindser.org.br\/wp-content\/uploads\/2024\/12\/assembleia-da-codeplan-1-1200x554.jpg 1200w, https:\/\/www.sindser.org.br\/wp-content\/uploads\/2024\/12\/assembleia-da-codeplan-1.jpg 1732w\" \/><\/a>\t\t\t\n\t\t\t\n\t\t\t\n\t\t\t\n\t\t\n\t\t<\/div>\n\t\n\n\t\n\t\t<div class=\"content\">\n\n\t\t\t<div class=\"post-meta post-meta-a\"><h3 class=\"is-title post-title\"><a href=\"https:\/\/www.sindser.org.br\/s\/assembleia-da-codeplan-ipedf\/\">Assembleia da Codeplan\/IPEDF<\/a><\/h3><\/div>\t\t\t\n\t\t\t\n\t\t\t\n\t\t<\/div>\n\n\t\n<\/article>\t\t\t\t\t\n<article class=\"l-post grid-post grid-base-post\">\n\n\t\n\t\t\t<div class=\"media\">\n\n\t\t\n\t\t\t<a href=\"https:\/\/www.sindser.org.br\/s\/assembleia-da-novacap-06-04-2022\/\" class=\"image-link media-ratio ratio-3-2\" title=\"Assembleia da Novacap &#8211; 06\/04\/2022\"><img loading=\"lazy\" decoding=\"async\" width=\"358\" height=\"239\" src=\"https:\/\/www.sindser.org.br\/wp-content\/uploads\/2022\/04\/DSC_0388-min.jpg\" class=\"attachment-large size-large wp-post-image\" alt=\"\" sizes=\"(max-width: 358px) 100vw, 358px\" title=\"Assembleia da Novacap &#8211; 06\/04\/2022\" \/><\/a>\t\t\t\n\t\t\t\n\t\t\t\n\t\t\t\n\t\t\n\t\t<\/div>\n\t\n\n\t\n\t\t<div class=\"content\">\n\n\t\t\t<div class=\"post-meta post-meta-a\"><h3 class=\"is-title post-title\"><a href=\"https:\/\/www.sindser.org.br\/s\/assembleia-da-novacap-06-04-2022\/\">Assembleia da Novacap &#8211; 06\/04\/2022<\/a><\/h3><\/div>\t\t\t\n\t\t\t\n\t\t\t\n\t\t<\/div>\n\n\t\n<\/article>\t\t\t\t\t\n<article class=\"l-post grid-post grid-base-post\">\n\n\t\n\t\t\t<div class=\"media\">\n\n\t\t\n\t\t\t<a href=\"https:\/\/www.sindser.org.br\/s\/assembleia-da-novacap-15-02-2022\/\" class=\"image-link media-ratio ratio-3-2\" title=\"Assembleia da Novacap &#8211; 08\/03\/2022\"><img loading=\"lazy\" decoding=\"async\" width=\"358\" height=\"239\" src=\"https:\/\/www.sindser.org.br\/wp-content\/uploads\/2022\/03\/DSC_9701-min.jpg\" class=\"attachment-large size-large wp-post-image\" alt=\"\" sizes=\"(max-width: 358px) 100vw, 358px\" title=\"Assembleia da Novacap &#8211; 08\/03\/2022\" \/><\/a>\t\t\t\n\t\t\t\n\t\t\t\n\t\t\t\n\t\t\n\t\t<\/div>\n\t\n\n\t\n\t\t<div class=\"content\">\n\n\t\t\t<div class=\"post-meta post-meta-a\"><h3 class=\"is-title post-title\"><a href=\"https:\/\/www.sindser.org.br\/s\/assembleia-da-novacap-15-02-2022\/\">Assembleia da Novacap &#8211; 08\/03\/2022<\/a><\/h3><\/div>\t\t\t\n\t\t\t\n\t\t\t\n\t\t<\/div>\n\n\t\n<\/article>\t\t\t\t\t\n<article class=\"l-post grid-post grid-base-post\">\n\n\t\n\t\t\t<div class=\"media\">\n\n\t\t\n\t\t\t<a href=\"https:\/\/www.sindser.org.br\/s\/assembleia-da-codeplan-17-03-2022\/\" class=\"image-link media-ratio ratio-3-2\" title=\"Assembleia da Codeplan &#8211; 17\/03\/2022\"><img loading=\"lazy\" decoding=\"async\" width=\"358\" height=\"239\" src=\"https:\/\/www.sindser.org.br\/wp-content\/uploads\/2022\/03\/DSC_0198-min.jpg\" class=\"attachment-large size-large wp-post-image\" alt=\"\" sizes=\"(max-width: 358px) 100vw, 358px\" title=\"Assembleia da Codeplan &#8211; 17\/03\/2022\" \/><\/a>\t\t\t\n\t\t\t\n\t\t\t\n\t\t\t\n\t\t\n\t\t<\/div>\n\t\n\n\t\n\t\t<div class=\"content\">\n\n\t\t\t<div class=\"post-meta post-meta-a\"><h3 class=\"is-title post-title\"><a href=\"https:\/\/www.sindser.org.br\/s\/assembleia-da-codeplan-17-03-2022\/\">Assembleia da Codeplan &#8211; 17\/03\/2022<\/a><\/h3><\/div>\t\t\t\n\t\t\t\n\t\t\t\n\t\t<\/div>\n\n\t\n<\/article>\t\t\t\t\t\n<article class=\"l-post grid-post grid-base-post\">\n\n\t\n\t\t\t<div class=\"media\">\n\n\t\t\n\t\t\t<a href=\"https:\/\/www.sindser.org.br\/s\/assembleia-do-der-15-03-2022\/\" class=\"image-link media-ratio ratio-3-2\" title=\"Assembleia do DER &#8211; 15\/03\/2022\"><img loading=\"lazy\" decoding=\"async\" width=\"358\" height=\"239\" src=\"https:\/\/www.sindser.org.br\/wp-content\/uploads\/2022\/03\/DSC_0172-min.jpg\" class=\"attachment-large size-large wp-post-image\" alt=\"\" sizes=\"(max-width: 358px) 100vw, 358px\" title=\"Assembleia do DER &#8211; 15\/03\/2022\" \/><\/a>\t\t\t\n\t\t\t\n\t\t\t\n\t\t\t\n\t\t\n\t\t<\/div>\n\t\n\n\t\n\t\t<div class=\"content\">\n\n\t\t\t<div class=\"post-meta post-meta-a\"><h3 class=\"is-title post-title\"><a href=\"https:\/\/www.sindser.org.br\/s\/assembleia-do-der-15-03-2022\/\">Assembleia do DER &#8211; 15\/03\/2022<\/a><\/h3><\/div>\t\t\t\n\t\t\t\n\t\t\t\n\t\t<\/div>\n\n\t\n<\/article>\t\t\t\t\t\n<article class=\"l-post grid-post grid-base-post\">\n\n\t\n\t\t\t<div class=\"media\">\n\n\t\t\n\t\t\t<a href=\"https:\/\/www.sindser.org.br\/s\/assembleia-do-der-12122019\/\" class=\"image-link media-ratio ratio-3-2\" title=\"Assembleia do DER &#8211; 12\/12\/2019\"><img loading=\"lazy\" decoding=\"async\" width=\"358\" height=\"239\" src=\"https:\/\/www.sindser.org.br\/wp-content\/uploads\/2019\/12\/db403939-b211-410b-9c55-f017c9da51a8-1024x685.jpg\" class=\"attachment-large size-large wp-post-image\" alt=\"\" sizes=\"(max-width: 358px) 100vw, 358px\" title=\"Assembleia do DER &#8211; 12\/12\/2019\" srcset=\"https:\/\/www.sindser.org.br\/wp-content\/uploads\/2019\/12\/db403939-b211-410b-9c55-f017c9da51a8-1024x685.jpg 1024w, https:\/\/www.sindser.org.br\/wp-content\/uploads\/2019\/12\/db403939-b211-410b-9c55-f017c9da51a8-600x401.jpg 600w, https:\/\/www.sindser.org.br\/wp-content\/uploads\/2019\/12\/db403939-b211-410b-9c55-f017c9da51a8-768x514.jpg 768w, https:\/\/www.sindser.org.br\/wp-content\/uploads\/2019\/12\/db403939-b211-410b-9c55-f017c9da51a8-272x182.jpg 272w, https:\/\/www.sindser.org.br\/wp-content\/uploads\/2019\/12\/db403939-b211-410b-9c55-f017c9da51a8.jpg 1280w\" \/><\/a>\t\t\t\n\t\t\t\n\t\t\t\n\t\t\t\n\t\t\n\t\t<\/div>\n\t\n\n\t\n\t\t<div class=\"content\">\n\n\t\t\t<div class=\"post-meta post-meta-a\"><h3 class=\"is-title post-title\"><a href=\"https:\/\/www.sindser.org.br\/s\/assembleia-do-der-12122019\/\">Assembleia do DER &#8211; 12\/12\/2019<\/a><\/h3><\/div>\t\t\t\n\t\t\t\n\t\t\t\n\t\t<\/div>\n\n\t\n<\/article>\t\t\n\t<\/div>\n\n\t\t\n\t\t\t<\/div>\n\n\t\t<\/section>\n\t\t\t\t\t\t<\/div>\n\t\t\t\t<\/div>\n\t\t\t\t\t<\/div>\n\t\t<\/div>\n\t\t\t\t\t<\/div>\n\t\t<\/section>\n\t\t\t\t<\/div>\n\t\t","protected":false},"excerpt":{"rendered":"<p>Destaque TRIBUNAL GARANTE PAGAMENTO RETROATIVO DA 3\u00aa PARCELA DO REAJUSTE SALARIAL DA LEI 5.192\/2013 AOS FILIADOS DO SINDSER! Marcelo Vasconcelosago 4, 2025 Destaque Assist\u00eancia jur\u00eddica na Lei Maria da Penha \u00e9 obrigat\u00f3ria, inclusive no Tribunal do J\u00fari Marcelo Vasconcelosjul 22, 2025 Destaque TST reafirma tese que garante redu\u00e7\u00e3o de hor\u00e1rio de trabalho a empregados p\u00fablicos<\/p>\n","protected":false},"author":1,"featured_media":0,"parent":0,"menu_order":0,"comment_status":"closed","ping_status":"closed","template":"page-templates\/no-wrapper.php","meta":{"footnotes":""},"class_list":["post-25293","page","type-page","status-publish"],"_links":{"self":[{"href":"https:\/\/www.sindser.org.br\/s\/wp-json\/wp\/v2\/pages\/25293","targetHints":{"allow":["GET"]}}],"collection":[{"href":"https:\/\/www.sindser.org.br\/s\/wp-json\/wp\/v2\/pages"}],"about":[{"href":"https:\/\/www.sindser.org.br\/s\/wp-json\/wp\/v2\/types\/page"}],"author":[{"embeddable":true,"href":"https:\/\/www.sindser.org.br\/s\/wp-json\/wp\/v2\/users\/1"}],"replies":[{"embeddable":true,"href":"https:\/\/www.sindser.org.br\/s\/wp-json\/wp\/v2\/comments?post=25293"}],"version-history":[{"count":70,"href":"https:\/\/www.sindser.org.br\/s\/wp-json\/wp\/v2\/pages\/25293\/revisions"}],"predecessor-version":[{"id":26387,"href":"https:\/\/www.sindser.org.br\/s\/wp-json\/wp\/v2\/pages\/25293\/revisions\/26387"}],"wp:attachment":[{"href":"https:\/\/www.sindser.org.br\/s\/wp-json\/wp\/v2\/media?parent=25293"}],"curies":[{"name":"wp","href":"https:\/\/api.w.org\/{rel}","templated":true}]}}